{"id":104,"date":"2023-09-08T20:21:47","date_gmt":"2023-09-08T23:21:47","guid":{"rendered":"https:\/\/www.artifices.com.br\/wrebello\/?page_id=104"},"modified":"2024-07-09T11:00:35","modified_gmt":"2024-07-09T14:00:35","slug":"quem-somos","status":"publish","type":"page","link":"https:\/\/www.wrebello.adv.br\/index.php\/quem-somos\/","title":{"rendered":"Quem somos"},"content":{"rendered":"\t\t<div data-elementor-type=\"wp-page\" data-elementor-id=\"104\" class=\"elementor elementor-104\" data-elementor-post-type=\"page\">\n\t\t\t\t\t\t<section class=\"elementor-section elementor-top-section elementor-element elementor-element-2b78783c elementor-section-boxed elementor-section-height-default elementor-section-height-default\" data-id=\"2b78783c\" data-element_type=\"section\" data-e-type=\"section\">\n\t\t\t\t\t\t<div class=\"elementor-container elementor-column-gap-default\">\n\t\t\t\t\t<div class=\"elementor-column elementor-col-100 elementor-top-column elementor-element elementor-element-7f1876e3\" data-id=\"7f1876e3\" data-element_type=\"column\" data-e-type=\"column\">\n\t\t\t<div class=\"elementor-widget-wrap elementor-element-populated\">\n\t\t\t\t\t\t<div class=\"elementor-element elementor-element-7e253418 elementor-widget elementor-widget-text-editor\" data-id=\"7e253418\" data-element_type=\"widget\" data-e-type=\"widget\" data-widget_type=\"text-editor.default\">\n\t\t\t\t<div class=\"elementor-widget-container\">\n\t\t\t\t\t\t\t\t\t\n<p>Somos um grupo de advogados que presta servi\u00e7os em v\u00e1rias \u00e1reas do direito, e que atua com zelo, celeridade e probidade.<\/p>\n\n\n\n<p>\u00c9 f\u00e1cil o acesso aos nossos advogados, e dispomos de ambientes confort\u00e1veis no Centro do Rio de Janeiro e de Cachoeiras de Macacu, nossas sedes pr\u00f3prias.<\/p>\n\n\n\n<p>Nosso escrit\u00f3rio de advocacia oferece servi\u00e7os jur\u00eddicos nas \u00e1reas criminal, c\u00edvel, comercial, tribut\u00e1rio, empresarial, trabalhista, fam\u00edlia e sucess\u00f5es, entre outras, e temos parceiros no Rio de Janeiro, em outros Munic\u00edpios e em outros Estados.<\/p>\n\n\n\n<p>Efetivamos registros de empresas, elaboramos v\u00e1rios tipos de contratos, orientamos em testamentos, entre outras coisas. Representamos nossos clientes com qualidade, a custos razo\u00e1veis e de forma r\u00e1pida, e nos comprometemos com a presta\u00e7\u00e3o do melhor trabalho poss\u00edvel, e com a obten\u00e7\u00e3o do melhor resultado.<\/p>\n\t\t\t\t\t\t\t\t<\/div>\n\t\t\t\t<\/div>\n\t\t\t\t\t<\/div>\n\t\t<\/div>\n\t\t\t\t\t<\/div>\n\t\t<\/section>\n\t\t\t\t<section class=\"elementor-section elementor-top-section elementor-element elementor-element-bfc09e8 elementor-section-boxed elementor-section-height-default elementor-section-height-default\" data-id=\"bfc09e8\" data-element_type=\"section\" data-e-type=\"section\">\n\t\t\t\t\t\t<div class=\"elementor-container elementor-column-gap-default\">\n\t\t\t\t\t<div class=\"elementor-column elementor-col-50 elementor-top-column elementor-element elementor-element-e9bc5fb\" data-id=\"e9bc5fb\" data-element_type=\"column\" data-e-type=\"column\">\n\t\t\t<div class=\"elementor-widget-wrap elementor-element-populated\">\n\t\t\t\t\t\t<div class=\"elementor-element elementor-element-8c4404a elementor-widget elementor-widget-heading\" data-id=\"8c4404a\" data-element_type=\"widget\" data-e-type=\"widget\" data-widget_type=\"heading.default\">\n\t\t\t\t<div class=\"elementor-widget-container\">\n\t\t\t\t\t<h2 class=\"elementor-heading-title elementor-size-default\">Advogados<\/h2>\t\t\t\t<\/div>\n\t\t\t\t<\/div>\n\t\t\t\t<div class=\"elementor-element elementor-element-f70a1de elementor-icon-list--layout-traditional elementor-list-item-link-full_width elementor-invisible elementor-widget elementor-widget-icon-list\" data-id=\"f70a1de\" data-element_type=\"widget\" data-e-type=\"widget\" data-settings=\"{&quot;_animation&quot;:&quot;fadeIn&quot;}\" data-widget_type=\"icon-list.default\">\n\t\t\t\t<div class=\"elementor-widget-container\">\n\t\t\t\t\t\t\t<ul class=\"elementor-icon-list-items\">\n\t\t\t\t\t\t\t<li class=\"elementor-icon-list-item\">\n\t\t\t\t\t\t\t\t\t\t\t<span class=\"elementor-icon-list-icon\">\n\t\t\t\t\t\t\t<i aria-hidden=\"true\" class=\"fas fa-square-full\"><\/i>\t\t\t\t\t\t<\/span>\n\t\t\t\t\t\t\t\t\t\t<span class=\"elementor-icon-list-text\">Wanderley Rebello Filho \/ OABRJ 37.470<\/span>\n\t\t\t\t\t\t\t\t\t<\/li>\n\t\t\t\t\t\t\t\t<li class=\"elementor-icon-list-item\">\n\t\t\t\t\t\t\t\t\t\t\t<span class=\"elementor-icon-list-icon\">\n\t\t\t\t\t\t\t<i aria-hidden=\"true\" class=\"fas fa-square-full\"><\/i>\t\t\t\t\t\t<\/span>\n\t\t\t\t\t\t\t\t\t\t<span class=\"elementor-icon-list-text\">Wagner Rebello de Oliveira \/ OABRJ 97.423<\/span>\n\t\t\t\t\t\t\t\t\t<\/li>\n\t\t\t\t\t\t\t\t<li class=\"elementor-icon-list-item\">\n\t\t\t\t\t\t\t\t\t\t\t<span class=\"elementor-icon-list-icon\">\n\t\t\t\t\t\t\t<i aria-hidden=\"true\" class=\"fas fa-square-full\"><\/i>\t\t\t\t\t\t<\/span>\n\t\t\t\t\t\t\t\t\t\t<span class=\"elementor-icon-list-text\">Cesar Augusto Spezin \/ OABRJ 59.852<\/span>\n\t\t\t\t\t\t\t\t\t<\/li>\n\t\t\t\t\t\t\t\t<li class=\"elementor-icon-list-item\">\n\t\t\t\t\t\t\t\t\t\t\t<span class=\"elementor-icon-list-icon\">\n\t\t\t\t\t\t\t<i aria-hidden=\"true\" class=\"fas fa-square\"><\/i>\t\t\t\t\t\t<\/span>\n\t\t\t\t\t\t\t\t\t\t<span class=\"elementor-icon-list-text\">Lucas Noronha de Oliveira \/ OABRJ 182.209<\/span>\n\t\t\t\t\t\t\t\t\t<\/li>\n\t\t\t\t\t\t\t\t<li class=\"elementor-icon-list-item\">\n\t\t\t\t\t\t\t\t\t\t\t<span class=\"elementor-icon-list-icon\">\n\t\t\t\t\t\t\t<i aria-hidden=\"true\" class=\"fas fa-square\"><\/i>\t\t\t\t\t\t<\/span>\n\t\t\t\t\t\t\t\t\t\t<span class=\"elementor-icon-list-text\">Maria Cl\u00e1udia Noronha \/ OABRJ 148.309<\/span>\n\t\t\t\t\t\t\t\t\t<\/li>\n\t\t\t\t\t\t\t\t<li class=\"elementor-icon-list-item\">\n\t\t\t\t\t\t\t\t\t\t\t<span class=\"elementor-icon-list-icon\">\n\t\t\t\t\t\t\t<i aria-hidden=\"true\" class=\"fas fa-square\"><\/i>\t\t\t\t\t\t<\/span>\n\t\t\t\t\t\t\t\t\t\t<span class=\"elementor-icon-list-text\">Camila Guedes \/ OABRJ 224.523<\/span>\n\t\t\t\t\t\t\t\t\t<\/li>\n\t\t\t\t\t\t<\/ul>\n\t\t\t\t\t\t<\/div>\n\t\t\t\t<\/div>\n\t\t\t\t\t<\/div>\n\t\t<\/div>\n\t\t\t\t<div class=\"elementor-column elementor-col-50 elementor-top-column elementor-element elementor-element-2b41694\" data-id=\"2b41694\" data-element_type=\"column\" data-e-type=\"column\">\n\t\t\t<div class=\"elementor-widget-wrap elementor-element-populated\">\n\t\t\t\t\t\t<div class=\"elementor-element elementor-element-606d98a elementor-widget elementor-widget-heading\" data-id=\"606d98a\" data-element_type=\"widget\" data-e-type=\"widget\" data-widget_type=\"heading.default\">\n\t\t\t\t<div class=\"elementor-widget-container\">\n\t\t\t\t\t<h2 class=\"elementor-heading-title elementor-size-default\">Parceiros<\/h2>\t\t\t\t<\/div>\n\t\t\t\t<\/div>\n\t\t\t\t<div class=\"elementor-element elementor-element-66f6569 elementor-widget__width-initial elementor-icon-list--layout-traditional elementor-list-item-link-full_width elementor-invisible elementor-widget elementor-widget-icon-list\" data-id=\"66f6569\" data-element_type=\"widget\" data-e-type=\"widget\" data-settings=\"{&quot;_animation&quot;:&quot;fadeIn&quot;}\" data-widget_type=\"icon-list.default\">\n\t\t\t\t<div class=\"elementor-widget-container\">\n\t\t\t\t\t\t\t<ul class=\"elementor-icon-list-items\">\n\t\t\t\t\t\t\t<li class=\"elementor-icon-list-item\">\n\t\t\t\t\t\t\t\t\t\t\t<span class=\"elementor-icon-list-icon\">\n\t\t\t\t\t\t\t<i aria-hidden=\"true\" class=\"fas fa-square-full\"><\/i>\t\t\t\t\t\t<\/span>\n\t\t\t\t\t\t\t\t\t\t<span class=\"elementor-icon-list-text\">Raphael Ely Machado \/ OABRJ 207.199<\/span>\n\t\t\t\t\t\t\t\t\t<\/li>\n\t\t\t\t\t\t\t\t<li class=\"elementor-icon-list-item\">\n\t\t\t\t\t\t\t\t\t\t\t<span class=\"elementor-icon-list-icon\">\n\t\t\t\t\t\t\t<i aria-hidden=\"true\" class=\"fas fa-square-full\"><\/i>\t\t\t\t\t\t<\/span>\n\t\t\t\t\t\t\t\t\t\t<span class=\"elementor-icon-list-text\">Alice Queiroz \/ OABRJ 198.401<\/span>\n\t\t\t\t\t\t\t\t\t<\/li>\n\t\t\t\t\t\t\t\t<li class=\"elementor-icon-list-item\">\n\t\t\t\t\t\t\t\t\t\t\t<span class=\"elementor-icon-list-icon\">\n\t\t\t\t\t\t\t<i aria-hidden=\"true\" class=\"fas fa-square-full\"><\/i>\t\t\t\t\t\t<\/span>\n\t\t\t\t\t\t\t\t\t\t<span class=\"elementor-icon-list-text\">Romilda Rebelo \/ OABRJ 109.762<\/span>\n\t\t\t\t\t\t\t\t\t<\/li>\n\t\t\t\t\t\t\t\t<li class=\"elementor-icon-list-item\">\n\t\t\t\t\t\t\t\t\t\t\t<span class=\"elementor-icon-list-icon\">\n\t\t\t\t\t\t\t<i aria-hidden=\"true\" class=\"fas fa-square-full\"><\/i>\t\t\t\t\t\t<\/span>\n\t\t\t\t\t\t\t\t\t\t<span class=\"elementor-icon-list-text\">Kelly Banholi \/ OABRJ 102.629 <\/span>\n\t\t\t\t\t\t\t\t\t<\/li>\n\t\t\t\t\t\t\t\t<li class=\"elementor-icon-list-item\">\n\t\t\t\t\t\t\t\t\t\t\t<span class=\"elementor-icon-list-icon\">\n\t\t\t\t\t\t\t<i aria-hidden=\"true\" class=\"fas fa-square-full\"><\/i>\t\t\t\t\t\t<\/span>\n\t\t\t\t\t\t\t\t\t\t<span class=\"elementor-icon-list-text\">Jo\u00e3o Paulo Batista \/ OABRJ 251.645<\/span>\n\t\t\t\t\t\t\t\t\t<\/li>\n\t\t\t\t\t\t<\/ul>\n\t\t\t\t\t\t<\/div>\n\t\t\t\t<\/div>\n\t\t\t\t\t<\/div>\n\t\t<\/div>\n\t\t\t\t\t<\/div>\n\t\t<\/section>\n\t\t\t\t<\/div>\n\t\t","protected":false},"excerpt":{"rendered":"<p>Somos um grupo de advogados que presta servi\u00e7os em v\u00e1rias \u00e1reas do direito, e que atua com zelo, celeridade e probidade. \u00c9 f\u00e1cil o acesso aos nossos advogados, e dispomos de ambientes confort\u00e1veis no Centro do Rio de Janeiro e de Cachoeiras de Macacu, nossas sedes pr\u00f3prias. Nosso escrit\u00f3rio de advocacia oferece servi\u00e7os jur\u00eddicos nas [&hellip;]<\/p>\n","protected":false},"author":1,"featured_media":0,"parent":0,"menu_order":0,"comment_status":"closed","ping_status":"closed","template":"","meta":{"jetpack_post_was_ever_published":false,"footnotes":""},"class_list":["post-104","page","type-page","status-publish","hentry"],"yoast_head":"<!-- This site is optimized with the Yoast SEO plugin v27.3 - https:\/\/yoast.com\/product\/yoast-seo-wordpress\/ -->\n<title>Quem somos - WRF Advogados<\/title>\n<meta name=\"robots\" content=\"index, follow, max-snippet:-1, max-image-preview:large, max-video-preview:-1\" \/>\n<link rel=\"canonical\" href=\"https:\/\/www.wrebello.adv.br\/index.php\/quem-somos\/\" \/>\n<meta property=\"og:locale\" content=\"pt_BR\" \/>\n<meta property=\"og:type\" content=\"article\" \/>\n<meta property=\"og:title\" content=\"Quem somos - WRF Advogados\" \/>\n<meta property=\"og:description\" content=\"Somos um grupo de advogados que presta servi\u00e7os em v\u00e1rias \u00e1reas do direito, e que atua com zelo, celeridade e probidade. \u00c9 f\u00e1cil o acesso aos nossos advogados, e dispomos de ambientes confort\u00e1veis no Centro do Rio de Janeiro e de Cachoeiras de Macacu, nossas sedes pr\u00f3prias. Nosso escrit\u00f3rio de advocacia oferece servi\u00e7os jur\u00eddicos nas [&hellip;]\" \/>\n<meta property=\"og:url\" content=\"https:\/\/www.wrebello.adv.br\/index.php\/quem-somos\/\" \/>\n<meta property=\"og:site_name\" content=\"WRF Advogados\" \/>\n<meta property=\"article:modified_time\" content=\"2024-07-09T14:00:35+00:00\" \/>\n<meta name=\"twitter:card\" content=\"summary_large_image\" \/>\n<meta name=\"twitter:label1\" content=\"Est. tempo de leitura\" \/>\n\t<meta name=\"twitter:data1\" content=\"2 minutos\" \/>\n<script type=\"application\/ld+json\" class=\"yoast-schema-graph\">{\"@context\":\"https:\\\/\\\/schema.org\",\"@graph\":[{\"@type\":\"WebPage\",\"@id\":\"https:\\\/\\\/www.wrebello.adv.br\\\/index.php\\\/quem-somos\\\/\",\"url\":\"https:\\\/\\\/www.wrebello.adv.br\\\/index.php\\\/quem-somos\\\/\",\"name\":\"Quem somos - WRF Advogados\",\"isPartOf\":{\"@id\":\"https:\\\/\\\/www.wrebello.adv.br\\\/#website\"},\"datePublished\":\"2023-09-08T23:21:47+00:00\",\"dateModified\":\"2024-07-09T14:00:35+00:00\",\"breadcrumb\":{\"@id\":\"https:\\\/\\\/www.wrebello.adv.br\\\/index.php\\\/quem-somos\\\/#breadcrumb\"},\"inLanguage\":\"pt-BR\",\"potentialAction\":[{\"@type\":\"ReadAction\",\"target\":[\"https:\\\/\\\/www.wrebello.adv.br\\\/index.php\\\/quem-somos\\\/\"]}]},{\"@type\":\"BreadcrumbList\",\"@id\":\"https:\\\/\\\/www.wrebello.adv.br\\\/index.php\\\/quem-somos\\\/#breadcrumb\",\"itemListElement\":[{\"@type\":\"ListItem\",\"position\":1,\"name\":\"In\u00edcio\",\"item\":\"https:\\\/\\\/www.wrebello.adv.br\\\/\"},{\"@type\":\"ListItem\",\"position\":2,\"name\":\"Quem somos\"}]},{\"@type\":\"WebSite\",\"@id\":\"https:\\\/\\\/www.wrebello.adv.br\\\/#website\",\"url\":\"https:\\\/\\\/www.wrebello.adv.br\\\/\",\"name\":\"WRF Advogados\",\"description\":\"O Escrit\u00f3rio Wanderley Rebello Filho &amp; Advogados tem experi\u00eancia tanto na \u00e1rea contenciosa, quanto na consultiva.\",\"publisher\":{\"@id\":\"https:\\\/\\\/www.wrebello.adv.br\\\/#organization\"},\"potentialAction\":[{\"@type\":\"SearchAction\",\"target\":{\"@type\":\"EntryPoint\",\"urlTemplate\":\"https:\\\/\\\/www.wrebello.adv.br\\\/?s={search_term_string}\"},\"query-input\":{\"@type\":\"PropertyValueSpecification\",\"valueRequired\":true,\"valueName\":\"search_term_string\"}}],\"inLanguage\":\"pt-BR\"},{\"@type\":\"Organization\",\"@id\":\"https:\\\/\\\/www.wrebello.adv.br\\\/#organization\",\"name\":\"WRF Advogados\",\"url\":\"https:\\\/\\\/www.wrebello.adv.br\\\/\",\"logo\":{\"@type\":\"ImageObject\",\"inLanguage\":\"pt-BR\",\"@id\":\"https:\\\/\\\/www.wrebello.adv.br\\\/#\\\/schema\\\/logo\\\/image\\\/\",\"url\":\"https:\\\/\\\/i0.wp.com\\\/www.wrebello.adv.br\\\/wp-content\\\/uploads\\\/2023\\\/08\\\/Logo-WRF.png?fit=971%2C285&ssl=1\",\"contentUrl\":\"https:\\\/\\\/i0.wp.com\\\/www.wrebello.adv.br\\\/wp-content\\\/uploads\\\/2023\\\/08\\\/Logo-WRF.png?fit=971%2C285&ssl=1\",\"width\":971,\"height\":285,\"caption\":\"WRF Advogados\"},\"image\":{\"@id\":\"https:\\\/\\\/www.wrebello.adv.br\\\/#\\\/schema\\\/logo\\\/image\\\/\"}}]}<\/script>\n<!-- \/ Yoast SEO plugin. -->","yoast_head_json":{"title":"Quem somos - WRF Advogados","robots":{"index":"index","follow":"follow","max-snippet":"max-snippet:-1","max-image-preview":"max-image-preview:large","max-video-preview":"max-video-preview:-1"},"canonical":"https:\/\/www.wrebello.adv.br\/index.php\/quem-somos\/","og_locale":"pt_BR","og_type":"article","og_title":"Quem somos - WRF Advogados","og_description":"Somos um grupo de advogados que presta servi\u00e7os em v\u00e1rias \u00e1reas do direito, e que atua com zelo, celeridade e probidade. \u00c9 f\u00e1cil o acesso aos nossos advogados, e dispomos de ambientes confort\u00e1veis no Centro do Rio de Janeiro e de Cachoeiras de Macacu, nossas sedes pr\u00f3prias. Nosso escrit\u00f3rio de advocacia oferece servi\u00e7os jur\u00eddicos nas [&hellip;]","og_url":"https:\/\/www.wrebello.adv.br\/index.php\/quem-somos\/","og_site_name":"WRF Advogados","article_modified_time":"2024-07-09T14:00:35+00:00","twitter_card":"summary_large_image","twitter_misc":{"Est. tempo de leitura":"2 minutos"},"schema":{"@context":"https:\/\/schema.org","@graph":[{"@type":"WebPage","@id":"https:\/\/www.wrebello.adv.br\/index.php\/quem-somos\/","url":"https:\/\/www.wrebello.adv.br\/index.php\/quem-somos\/","name":"Quem somos - WRF Advogados","isPartOf":{"@id":"https:\/\/www.wrebello.adv.br\/#website"},"datePublished":"2023-09-08T23:21:47+00:00","dateModified":"2024-07-09T14:00:35+00:00","breadcrumb":{"@id":"https:\/\/www.wrebello.adv.br\/index.php\/quem-somos\/#breadcrumb"},"inLanguage":"pt-BR","potentialAction":[{"@type":"ReadAction","target":["https:\/\/www.wrebello.adv.br\/index.php\/quem-somos\/"]}]},{"@type":"BreadcrumbList","@id":"https:\/\/www.wrebello.adv.br\/index.php\/quem-somos\/#breadcrumb","itemListElement":[{"@type":"ListItem","position":1,"name":"In\u00edcio","item":"https:\/\/www.wrebello.adv.br\/"},{"@type":"ListItem","position":2,"name":"Quem somos"}]},{"@type":"WebSite","@id":"https:\/\/www.wrebello.adv.br\/#website","url":"https:\/\/www.wrebello.adv.br\/","name":"WRF Advogados","description":"O Escrit\u00f3rio Wanderley Rebello Filho &amp; Advogados tem experi\u00eancia tanto na \u00e1rea contenciosa, quanto na consultiva.","publisher":{"@id":"https:\/\/www.wrebello.adv.br\/#organization"},"potentialAction":[{"@type":"SearchAction","target":{"@type":"EntryPoint","urlTemplate":"https:\/\/www.wrebello.adv.br\/?s={search_term_string}"},"query-input":{"@type":"PropertyValueSpecification","valueRequired":true,"valueName":"search_term_string"}}],"inLanguage":"pt-BR"},{"@type":"Organization","@id":"https:\/\/www.wrebello.adv.br\/#organization","name":"WRF Advogados","url":"https:\/\/www.wrebello.adv.br\/","logo":{"@type":"ImageObject","inLanguage":"pt-BR","@id":"https:\/\/www.wrebello.adv.br\/#\/schema\/logo\/image\/","url":"https:\/\/i0.wp.com\/www.wrebello.adv.br\/wp-content\/uploads\/2023\/08\/Logo-WRF.png?fit=971%2C285&ssl=1","contentUrl":"https:\/\/i0.wp.com\/www.wrebello.adv.br\/wp-content\/uploads\/2023\/08\/Logo-WRF.png?fit=971%2C285&ssl=1","width":971,"height":285,"caption":"WRF Advogados"},"image":{"@id":"https:\/\/www.wrebello.adv.br\/#\/schema\/logo\/image\/"}}]}},"jetpack-related-posts":[],"jetpack_sharing_enabled":true,"_links":{"self":[{"href":"https:\/\/www.wrebello.adv.br\/index.php\/wp-json\/wp\/v2\/pages\/104","targetHints":{"allow":["GET"]}}],"collection":[{"href":"https:\/\/www.wrebello.adv.br\/index.php\/wp-json\/wp\/v2\/pages"}],"about":[{"href":"https:\/\/www.wrebello.adv.br\/index.php\/wp-json\/wp\/v2\/types\/page"}],"author":[{"embeddable":true,"href":"https:\/\/www.wrebello.adv.br\/index.php\/wp-json\/wp\/v2\/users\/1"}],"replies":[{"embeddable":true,"href":"https:\/\/www.wrebello.adv.br\/index.php\/wp-json\/wp\/v2\/comments?post=104"}],"version-history":[{"count":16,"href":"https:\/\/www.wrebello.adv.br\/index.php\/wp-json\/wp\/v2\/pages\/104\/revisions"}],"predecessor-version":[{"id":406,"href":"https:\/\/www.wrebello.adv.br\/index.php\/wp-json\/wp\/v2\/pages\/104\/revisions\/406"}],"wp:attachment":[{"href":"https:\/\/www.wrebello.adv.br\/index.php\/wp-json\/wp\/v2\/media?parent=104"}],"curies":[{"name":"wp","href":"https:\/\/api.w.org\/{rel}","templated":true}]}}