{"id":106,"date":"2023-09-08T20:21:44","date_gmt":"2023-09-08T23:21:44","guid":{"rendered":"https:\/\/www.artifices.com.br\/wrebello\/?page_id=106"},"modified":"2024-07-08T19:43:54","modified_gmt":"2024-07-08T22:43:54","slug":"nossos-servicos","status":"publish","type":"page","link":"https:\/\/www.wrebello.adv.br\/index.php\/nossos-servicos\/","title":{"rendered":"Nossos Servi\u00e7os"},"content":{"rendered":"\t\t<div data-elementor-type=\"wp-page\" data-elementor-id=\"106\" class=\"elementor elementor-106\" data-elementor-post-type=\"page\">\n\t\t\t\t\t\t<section class=\"elementor-section elementor-top-section elementor-element elementor-element-57a9e07 elementor-section-boxed elementor-section-height-default elementor-section-height-default\" data-id=\"57a9e07\" data-element_type=\"section\" data-e-type=\"section\">\n\t\t\t\t\t\t<div class=\"elementor-container elementor-column-gap-default\">\n\t\t\t\t\t<div class=\"elementor-column elementor-col-100 elementor-top-column elementor-element elementor-element-cf4f6cb\" data-id=\"cf4f6cb\" data-element_type=\"column\" data-e-type=\"column\">\n\t\t\t<div class=\"elementor-widget-wrap elementor-element-populated\">\n\t\t\t\t\t\t<div class=\"elementor-element elementor-element-68dbaf1 elementor-icon-list--layout-traditional elementor-list-item-link-full_width elementor-invisible elementor-widget elementor-widget-icon-list\" data-id=\"68dbaf1\" data-element_type=\"widget\" data-e-type=\"widget\" data-settings=\"{&quot;_animation&quot;:&quot;fadeIn&quot;}\" data-widget_type=\"icon-list.default\">\n\t\t\t\t<div class=\"elementor-widget-container\">\n\t\t\t\t\t\t\t<ul class=\"elementor-icon-list-items\">\n\t\t\t\t\t\t\t<li class=\"elementor-icon-list-item\">\n\t\t\t\t\t\t\t\t\t\t\t<span class=\"elementor-icon-list-icon\">\n\t\t\t\t\t\t\t<i aria-hidden=\"true\" class=\"fas fa-square-full\"><\/i>\t\t\t\t\t\t<\/span>\n\t\t\t\t\t\t\t\t\t\t<span class=\"elementor-icon-list-text\">CRIMINAL<\/span>\n\t\t\t\t\t\t\t\t\t<\/li>\n\t\t\t\t\t\t<\/ul>\n\t\t\t\t\t\t<\/div>\n\t\t\t\t<\/div>\n\t\t\t\t<div class=\"elementor-element elementor-element-b68a3a5 elementor-widget elementor-widget-text-editor\" data-id=\"b68a3a5\" data-element_type=\"widget\" data-e-type=\"widget\" data-widget_type=\"text-editor.default\">\n\t\t\t\t<div class=\"elementor-widget-container\">\n\t\t\t\t\t\t\t\t\t<p>Consultoria geral em direito penal, defesas em\u00a0<strong>crimes comuns, econ\u00f4micos, ambientais e outros<\/strong>, com total acompanhamento em depoimentos nas delegacias e na justi\u00e7a, sempre atuando na defesa dos interesses de pessoas f\u00edsicas ou jur\u00eddicas envolvidas em qualquer il\u00edcito previsto na legisla\u00e7\u00e3o penal.<\/p>\n<p><!-- \/wp:paragraph --><!-- wp:paragraph --><\/p>\n<p>Defesa escrita e oral junto ao Tribunal do J\u00fari.<\/p>\n<p><!-- \/wp:paragraph --><!-- wp:paragraph --><\/p>\n<p>Prestamos assist\u00eancia tamb\u00e9m \u00e0s v\u00edtimas de crimes de qualquer natureza.<\/p>\t\t\t\t\t\t\t\t<\/div>\n\t\t\t\t<\/div>\n\t\t\t\t\t<\/div>\n\t\t<\/div>\n\t\t\t\t\t<\/div>\n\t\t<\/section>\n\t\t\t\t<section class=\"elementor-section elementor-top-section elementor-element elementor-element-82ed3a2 elementor-section-boxed elementor-section-height-default elementor-section-height-default\" data-id=\"82ed3a2\" data-element_type=\"section\" data-e-type=\"section\">\n\t\t\t\t\t\t<div class=\"elementor-container elementor-column-gap-default\">\n\t\t\t\t\t<div class=\"elementor-column elementor-col-100 elementor-top-column elementor-element elementor-element-0857276\" data-id=\"0857276\" data-element_type=\"column\" data-e-type=\"column\">\n\t\t\t<div class=\"elementor-widget-wrap elementor-element-populated\">\n\t\t\t\t\t\t<div class=\"elementor-element elementor-element-123d8b3 elementor-icon-list--layout-traditional elementor-list-item-link-full_width elementor-invisible elementor-widget elementor-widget-icon-list\" data-id=\"123d8b3\" data-element_type=\"widget\" data-e-type=\"widget\" data-settings=\"{&quot;_animation&quot;:&quot;fadeIn&quot;}\" data-widget_type=\"icon-list.default\">\n\t\t\t\t<div class=\"elementor-widget-container\">\n\t\t\t\t\t\t\t<ul class=\"elementor-icon-list-items\">\n\t\t\t\t\t\t\t<li class=\"elementor-icon-list-item\">\n\t\t\t\t\t\t\t\t\t\t\t<span class=\"elementor-icon-list-icon\">\n\t\t\t\t\t\t\t<i aria-hidden=\"true\" class=\"fas fa-square-full\"><\/i>\t\t\t\t\t\t<\/span>\n\t\t\t\t\t\t\t\t\t\t<span class=\"elementor-icon-list-text\">ADMINISTRATIVO<\/span>\n\t\t\t\t\t\t\t\t\t<\/li>\n\t\t\t\t\t\t<\/ul>\n\t\t\t\t\t\t<\/div>\n\t\t\t\t<\/div>\n\t\t\t\t<div class=\"elementor-element elementor-element-1f4aa80 elementor-widget elementor-widget-text-editor\" data-id=\"1f4aa80\" data-element_type=\"widget\" data-e-type=\"widget\" data-widget_type=\"text-editor.default\">\n\t\t\t\t<div class=\"elementor-widget-container\">\n\t\t\t\t\t\t\t\t\t<p>Atua\u00e7\u00e3o e defesa em a\u00e7\u00f5es que objetivam a satisfa\u00e7\u00e3o dos interesses e necessidades dos administrados, com destaque para quest\u00f5es atinentes a licita\u00e7\u00f5es, contratos, autoriza\u00e7\u00f5es, licen\u00e7as, multas, processos administrativos de improbidade e outros, e responsabilidade civil do Estado.<\/p>\t\t\t\t\t\t\t\t<\/div>\n\t\t\t\t<\/div>\n\t\t\t\t\t<\/div>\n\t\t<\/div>\n\t\t\t\t\t<\/div>\n\t\t<\/section>\n\t\t\t\t<section class=\"elementor-section elementor-top-section elementor-element elementor-element-1418c1a elementor-section-boxed elementor-section-height-default elementor-section-height-default\" data-id=\"1418c1a\" data-element_type=\"section\" data-e-type=\"section\">\n\t\t\t\t\t\t<div class=\"elementor-container elementor-column-gap-default\">\n\t\t\t\t\t<div class=\"elementor-column elementor-col-100 elementor-top-column elementor-element elementor-element-6c580ba\" data-id=\"6c580ba\" data-element_type=\"column\" data-e-type=\"column\">\n\t\t\t<div class=\"elementor-widget-wrap elementor-element-populated\">\n\t\t\t\t\t\t<div class=\"elementor-element elementor-element-1d44d4c elementor-icon-list--layout-traditional elementor-list-item-link-full_width elementor-invisible elementor-widget elementor-widget-icon-list\" data-id=\"1d44d4c\" data-element_type=\"widget\" data-e-type=\"widget\" data-settings=\"{&quot;_animation&quot;:&quot;fadeIn&quot;}\" data-widget_type=\"icon-list.default\">\n\t\t\t\t<div class=\"elementor-widget-container\">\n\t\t\t\t\t\t\t<ul class=\"elementor-icon-list-items\">\n\t\t\t\t\t\t\t<li class=\"elementor-icon-list-item\">\n\t\t\t\t\t\t\t\t\t\t\t<span class=\"elementor-icon-list-icon\">\n\t\t\t\t\t\t\t<i aria-hidden=\"true\" class=\"fas fa-square-full\"><\/i>\t\t\t\t\t\t<\/span>\n\t\t\t\t\t\t\t\t\t\t<span class=\"elementor-icon-list-text\">AMBIENTAL<\/span>\n\t\t\t\t\t\t\t\t\t<\/li>\n\t\t\t\t\t\t<\/ul>\n\t\t\t\t\t\t<\/div>\n\t\t\t\t<\/div>\n\t\t\t\t<div class=\"elementor-element elementor-element-10d08ac elementor-widget elementor-widget-text-editor\" data-id=\"10d08ac\" data-element_type=\"widget\" data-e-type=\"widget\" data-widget_type=\"text-editor.default\">\n\t\t\t\t<div class=\"elementor-widget-container\">\n\t\t\t\t\t\t\t\t\t<p>Elabora\u00e7\u00e3o de consultas e de pareceres preventivos, apresenta\u00e7\u00e3o de defesas e interposi\u00e7\u00e3o de recursos administrativos perante os \u00f3rg\u00e3os ambientais, e atua\u00e7\u00e3o judicial voltada para impugnar decis\u00f5es administrativas na esfera ambiental.\u00a0<strong>Advocacia criminal ambiental.<\/strong>\u00a0<strong>Dispomos de equipe multidisciplinar<\/strong>.<\/p>\t\t\t\t\t\t\t\t<\/div>\n\t\t\t\t<\/div>\n\t\t\t\t\t<\/div>\n\t\t<\/div>\n\t\t\t\t\t<\/div>\n\t\t<\/section>\n\t\t\t\t<section class=\"elementor-section elementor-top-section elementor-element elementor-element-cbaf11d elementor-section-boxed elementor-section-height-default elementor-section-height-default\" data-id=\"cbaf11d\" data-element_type=\"section\" data-e-type=\"section\">\n\t\t\t\t\t\t<div class=\"elementor-container elementor-column-gap-default\">\n\t\t\t\t\t<div class=\"elementor-column elementor-col-100 elementor-top-column elementor-element elementor-element-81af294\" data-id=\"81af294\" data-element_type=\"column\" data-e-type=\"column\">\n\t\t\t<div class=\"elementor-widget-wrap elementor-element-populated\">\n\t\t\t\t\t\t<div class=\"elementor-element elementor-element-a665a7d elementor-icon-list--layout-traditional elementor-list-item-link-full_width elementor-invisible elementor-widget elementor-widget-icon-list\" data-id=\"a665a7d\" data-element_type=\"widget\" data-e-type=\"widget\" data-settings=\"{&quot;_animation&quot;:&quot;fadeIn&quot;}\" data-widget_type=\"icon-list.default\">\n\t\t\t\t<div class=\"elementor-widget-container\">\n\t\t\t\t\t\t\t<ul class=\"elementor-icon-list-items\">\n\t\t\t\t\t\t\t<li class=\"elementor-icon-list-item\">\n\t\t\t\t\t\t\t\t\t\t\t<span class=\"elementor-icon-list-icon\">\n\t\t\t\t\t\t\t<i aria-hidden=\"true\" class=\"fas fa-square-full\"><\/i>\t\t\t\t\t\t<\/span>\n\t\t\t\t\t\t\t\t\t\t<span class=\"elementor-icon-list-text\">C\u00cdVEL<\/span>\n\t\t\t\t\t\t\t\t\t<\/li>\n\t\t\t\t\t\t<\/ul>\n\t\t\t\t\t\t<\/div>\n\t\t\t\t<\/div>\n\t\t\t\t<div class=\"elementor-element elementor-element-a7badf0 elementor-widget elementor-widget-text-editor\" data-id=\"a7badf0\" data-element_type=\"widget\" data-e-type=\"widget\" data-widget_type=\"text-editor.default\">\n\t\t\t\t<div class=\"elementor-widget-container\">\n\t\t\t\t\t\t\t\t\t<p>Nossa equipe desenvolve e acompanha a\u00e7\u00f5es no \u00e2mbito do direito civil, inclusive no tocante \u00e0s quest\u00f5es de responsabilidade civil, indeniza\u00e7\u00f5es, execu\u00e7\u00f5es, fam\u00edlia e sucess\u00f5es. Na \u00e1rea de sucess\u00f5es, nossa equipe atua tanto em invent\u00e1rios judiciais, quanto extrajudiciais por escritura p\u00fablica.<\/p>\t\t\t\t\t\t\t\t<\/div>\n\t\t\t\t<\/div>\n\t\t\t\t\t<\/div>\n\t\t<\/div>\n\t\t\t\t\t<\/div>\n\t\t<\/section>\n\t\t\t\t<section class=\"elementor-section elementor-top-section elementor-element elementor-element-ee50868 elementor-section-boxed elementor-section-height-default elementor-section-height-default\" data-id=\"ee50868\" data-element_type=\"section\" data-e-type=\"section\">\n\t\t\t\t\t\t<div class=\"elementor-container elementor-column-gap-default\">\n\t\t\t\t\t<div class=\"elementor-column elementor-col-100 elementor-top-column elementor-element elementor-element-ed7585d\" data-id=\"ed7585d\" data-element_type=\"column\" data-e-type=\"column\">\n\t\t\t<div class=\"elementor-widget-wrap elementor-element-populated\">\n\t\t\t\t\t\t<div class=\"elementor-element elementor-element-c0a75b8 elementor-icon-list--layout-traditional elementor-list-item-link-full_width elementor-invisible elementor-widget elementor-widget-icon-list\" data-id=\"c0a75b8\" data-element_type=\"widget\" data-e-type=\"widget\" data-settings=\"{&quot;_animation&quot;:&quot;fadeIn&quot;}\" data-widget_type=\"icon-list.default\">\n\t\t\t\t<div class=\"elementor-widget-container\">\n\t\t\t\t\t\t\t<ul class=\"elementor-icon-list-items\">\n\t\t\t\t\t\t\t<li class=\"elementor-icon-list-item\">\n\t\t\t\t\t\t\t\t\t\t\t<span class=\"elementor-icon-list-icon\">\n\t\t\t\t\t\t\t<i aria-hidden=\"true\" class=\"fas fa-square-full\"><\/i>\t\t\t\t\t\t<\/span>\n\t\t\t\t\t\t\t\t\t\t<span class=\"elementor-icon-list-text\">SERVIDORES P\u00daBLICOS<\/span>\n\t\t\t\t\t\t\t\t\t<\/li>\n\t\t\t\t\t\t<\/ul>\n\t\t\t\t\t\t<\/div>\n\t\t\t\t<\/div>\n\t\t\t\t<div class=\"elementor-element elementor-element-704c98b elementor-widget elementor-widget-text-editor\" data-id=\"704c98b\" data-element_type=\"widget\" data-e-type=\"widget\" data-widget_type=\"text-editor.default\">\n\t\t\t\t<div class=\"elementor-widget-container\">\n\t\t\t\t\t\t\t\t\t<p>Patrocinamos demandas de interesse dos servidores p\u00fablicos de diversas categorias funcionais. Especial aten\u00e7\u00e3o tem sido dirigida \u00e0s a\u00e7\u00f5es que versam sobre reestrutura\u00e7\u00e3o das carreiras, implanta\u00e7\u00e3o dos subs\u00eddios, concess\u00e3o de gratifica\u00e7\u00f5es, pagamento dos proventos de aposentadorias e pens\u00f5es, remo\u00e7\u00f5es territoriais, entre outras.\u00a0<strong>Atuamos na defesa de servidores em processos administrativos disciplinares<\/strong>.<\/p>\t\t\t\t\t\t\t\t<\/div>\n\t\t\t\t<\/div>\n\t\t\t\t\t<\/div>\n\t\t<\/div>\n\t\t\t\t\t<\/div>\n\t\t<\/section>\n\t\t\t\t<section class=\"elementor-section elementor-top-section elementor-element elementor-element-2b57021 elementor-section-boxed elementor-section-height-default elementor-section-height-default\" data-id=\"2b57021\" data-element_type=\"section\" data-e-type=\"section\">\n\t\t\t\t\t\t<div class=\"elementor-container elementor-column-gap-default\">\n\t\t\t\t\t<div class=\"elementor-column elementor-col-100 elementor-top-column elementor-element elementor-element-f8756f0\" data-id=\"f8756f0\" data-element_type=\"column\" data-e-type=\"column\">\n\t\t\t<div class=\"elementor-widget-wrap elementor-element-populated\">\n\t\t\t\t\t\t<div class=\"elementor-element elementor-element-1ce86f9 elementor-icon-list--layout-traditional elementor-list-item-link-full_width elementor-invisible elementor-widget elementor-widget-icon-list\" data-id=\"1ce86f9\" data-element_type=\"widget\" data-e-type=\"widget\" data-settings=\"{&quot;_animation&quot;:&quot;fadeIn&quot;}\" data-widget_type=\"icon-list.default\">\n\t\t\t\t<div class=\"elementor-widget-container\">\n\t\t\t\t\t\t\t<ul class=\"elementor-icon-list-items\">\n\t\t\t\t\t\t\t<li class=\"elementor-icon-list-item\">\n\t\t\t\t\t\t\t\t\t\t\t<span class=\"elementor-icon-list-icon\">\n\t\t\t\t\t\t\t<i aria-hidden=\"true\" class=\"fas fa-square-full\"><\/i>\t\t\t\t\t\t<\/span>\n\t\t\t\t\t\t\t\t\t\t<span class=\"elementor-icon-list-text\">TRIBUNAIS SUPERIORES E DIREITO PROCESSUAL<\/span>\n\t\t\t\t\t\t\t\t\t<\/li>\n\t\t\t\t\t\t<\/ul>\n\t\t\t\t\t\t<\/div>\n\t\t\t\t<\/div>\n\t\t\t\t<div class=\"elementor-element elementor-element-abf4f09 elementor-widget elementor-widget-text-editor\" data-id=\"abf4f09\" data-element_type=\"widget\" data-e-type=\"widget\" data-widget_type=\"text-editor.default\">\n\t\t\t\t<div class=\"elementor-widget-container\">\n\t\t\t\t\t\t\t\t\t<p>A advocacia perante os Tribunais Superiores exige conhecimentos t\u00e9cnicos espec\u00edficos, imprescind\u00edveis para o \u00eaxito na atua\u00e7\u00e3o judicial.\u00a0Temos escrit\u00f3rios parceiros em Bras\u00edlia. Buscamos uma resposta c\u00e9lere, para a garantia da efetiva defesa dos direitos dos clientes em todas as inst\u00e2ncias.<\/p>\n<p><!-- \/wp:paragraph --><!-- wp:paragraph --><\/p>\t\t\t\t\t\t\t\t<\/div>\n\t\t\t\t<\/div>\n\t\t\t\t\t<\/div>\n\t\t<\/div>\n\t\t\t\t\t<\/div>\n\t\t<\/section>\n\t\t\t\t<section class=\"elementor-section elementor-top-section elementor-element elementor-element-cbdf019 elementor-section-boxed elementor-section-height-default elementor-section-height-default\" data-id=\"cbdf019\" data-element_type=\"section\" data-e-type=\"section\">\n\t\t\t\t\t\t<div class=\"elementor-container elementor-column-gap-default\">\n\t\t\t\t\t<div class=\"elementor-column elementor-col-100 elementor-top-column elementor-element elementor-element-3ed9cf9\" data-id=\"3ed9cf9\" data-element_type=\"column\" data-e-type=\"column\">\n\t\t\t<div class=\"elementor-widget-wrap elementor-element-populated\">\n\t\t\t\t\t\t<div class=\"elementor-element elementor-element-167253c elementor-icon-list--layout-traditional elementor-list-item-link-full_width elementor-invisible elementor-widget elementor-widget-icon-list\" data-id=\"167253c\" data-element_type=\"widget\" data-e-type=\"widget\" data-settings=\"{&quot;_animation&quot;:&quot;fadeIn&quot;}\" data-widget_type=\"icon-list.default\">\n\t\t\t\t<div class=\"elementor-widget-container\">\n\t\t\t\t\t\t\t<ul class=\"elementor-icon-list-items\">\n\t\t\t\t\t\t\t<li class=\"elementor-icon-list-item\">\n\t\t\t\t\t\t\t\t\t\t\t<span class=\"elementor-icon-list-icon\">\n\t\t\t\t\t\t\t<i aria-hidden=\"true\" class=\"fas fa-square-full\"><\/i>\t\t\t\t\t\t<\/span>\n\t\t\t\t\t\t\t\t\t\t<span class=\"elementor-icon-list-text\">TRIBUT\u00c1RIO E EMPRESARIAL<\/span>\n\t\t\t\t\t\t\t\t\t<\/li>\n\t\t\t\t\t\t<\/ul>\n\t\t\t\t\t\t<\/div>\n\t\t\t\t<\/div>\n\t\t\t\t<div class=\"elementor-element elementor-element-456c0ad elementor-widget elementor-widget-text-editor\" data-id=\"456c0ad\" data-element_type=\"widget\" data-e-type=\"widget\" data-widget_type=\"text-editor.default\">\n\t\t\t\t<div class=\"elementor-widget-container\">\n\t\t\t\t\t\t\t\t\t<p>Atuamos no campo do direito tribut\u00e1rio e no manejo, entre outras, de a\u00e7\u00f5es declarat\u00f3rias, anulat\u00f3rias, mandamentais, de repeti\u00e7\u00e3o de ind\u00e9bito, assim como no bojo de execu\u00e7\u00f5es fiscais e dos respectivos embargos. Atendemos nossos clientes em nosso Escrit\u00f3rio ou na sede da empresa.<\/p>\t\t\t\t\t\t\t\t<\/div>\n\t\t\t\t<\/div>\n\t\t\t\t\t<\/div>\n\t\t<\/div>\n\t\t\t\t\t<\/div>\n\t\t<\/section>\n\t\t\t\t<section class=\"elementor-section elementor-top-section elementor-element elementor-element-7354137 elementor-section-boxed elementor-section-height-default elementor-section-height-default\" data-id=\"7354137\" data-element_type=\"section\" data-e-type=\"section\">\n\t\t\t\t\t\t<div class=\"elementor-container elementor-column-gap-default\">\n\t\t\t\t\t<div class=\"elementor-column elementor-col-100 elementor-top-column elementor-element elementor-element-e723973\" data-id=\"e723973\" data-element_type=\"column\" data-e-type=\"column\">\n\t\t\t<div class=\"elementor-widget-wrap elementor-element-populated\">\n\t\t\t\t\t\t<div class=\"elementor-element elementor-element-a9bc4e7 elementor-icon-list--layout-traditional elementor-list-item-link-full_width elementor-invisible elementor-widget elementor-widget-icon-list\" data-id=\"a9bc4e7\" data-element_type=\"widget\" data-e-type=\"widget\" data-settings=\"{&quot;_animation&quot;:&quot;fadeIn&quot;}\" data-widget_type=\"icon-list.default\">\n\t\t\t\t<div class=\"elementor-widget-container\">\n\t\t\t\t\t\t\t<ul class=\"elementor-icon-list-items\">\n\t\t\t\t\t\t\t<li class=\"elementor-icon-list-item\">\n\t\t\t\t\t\t\t\t\t\t\t<span class=\"elementor-icon-list-icon\">\n\t\t\t\t\t\t\t<i aria-hidden=\"true\" class=\"fas fa-square-full\"><\/i>\t\t\t\t\t\t<\/span>\n\t\t\t\t\t\t\t\t\t\t<span class=\"elementor-icon-list-text\">DIREITO TRABALHISTA<\/span>\n\t\t\t\t\t\t\t\t\t<\/li>\n\t\t\t\t\t\t<\/ul>\n\t\t\t\t\t\t<\/div>\n\t\t\t\t<\/div>\n\t\t\t\t<div class=\"elementor-element elementor-element-72cd887 elementor-widget elementor-widget-text-editor\" data-id=\"72cd887\" data-element_type=\"widget\" data-e-type=\"widget\" data-widget_type=\"text-editor.default\">\n\t\t\t\t<div class=\"elementor-widget-container\">\n\t\t\t\t\t\t\t\t\t<p>Nosso servi\u00e7o de Direito Trabalhista oferece assist\u00eancia especializada em uma ampla gama de quest\u00f5es relacionadas ao ambiente de trabalho. Estamos preparados para orientar e representar clientes em casos de demiss\u00e3o por justa causa e sem justa causa, garantindo que os direitos dos trabalhadores sejam respeitados. Tamb\u00e9m lidamos com situa\u00e7\u00f5es de doen\u00e7a do trabalho e acidente de trabalho, buscando repara\u00e7\u00f5es adequadas. Nosso compromisso inclui a defesa contra o dano e o ass\u00e9dio moral no ambiente profissional. Prestamos consultoria sobre a estabilidade da gestante, assegurando o cumprimento das normas de prote\u00e7\u00e3o. Al\u00e9m disso, oferecemos suporte em quest\u00f5es relacionadas a horas extras, adicional de insalubridade, ac\u00famulo de fun\u00e7\u00e3o e an\u00e1lise de holerites descontados, assegurando que todos os benef\u00edcios e compensa\u00e7\u00f5es sejam devidamente aplicados. Confie em nossa equipe para proteger seus direitos trabalhistas e garantir um ambiente de trabalho justo e seguro.<\/p>\t\t\t\t\t\t\t\t<\/div>\n\t\t\t\t<\/div>\n\t\t\t\t\t<\/div>\n\t\t<\/div>\n\t\t\t\t\t<\/div>\n\t\t<\/section>\n\t\t\t\t<\/div>\n\t\t","protected":false},"excerpt":{"rendered":"<p>CRIMINAL Consultoria geral em direito penal, defesas em\u00a0crimes comuns, econ\u00f4micos, ambientais e outros, com total acompanhamento em depoimentos nas delegacias e na justi\u00e7a, sempre atuando na defesa dos interesses de pessoas f\u00edsicas ou jur\u00eddicas envolvidas em qualquer il\u00edcito previsto na legisla\u00e7\u00e3o penal. Defesa escrita e oral junto ao Tribunal do J\u00fari. Prestamos assist\u00eancia tamb\u00e9m \u00e0s [&hellip;]<\/p>\n","protected":false},"author":1,"featured_media":0,"parent":0,"menu_order":0,"comment_status":"closed","ping_status":"closed","template":"","meta":{"jetpack_post_was_ever_published":false,"footnotes":""},"class_list":["post-106","page","type-page","status-publish","hentry"],"yoast_head":"<!-- This site is optimized with the Yoast SEO plugin v27.3 - https:\/\/yoast.com\/product\/yoast-seo-wordpress\/ -->\n<title>Nossos Servi\u00e7os - WRF Advogados<\/title>\n<meta name=\"robots\" content=\"index, follow, max-snippet:-1, max-image-preview:large, max-video-preview:-1\" \/>\n<link rel=\"canonical\" href=\"https:\/\/www.wrebello.adv.br\/index.php\/nossos-servicos\/\" \/>\n<meta property=\"og:locale\" content=\"pt_BR\" \/>\n<meta property=\"og:type\" content=\"article\" \/>\n<meta property=\"og:title\" content=\"Nossos Servi\u00e7os - WRF Advogados\" \/>\n<meta property=\"og:description\" content=\"CRIMINAL Consultoria geral em direito penal, defesas em\u00a0crimes comuns, econ\u00f4micos, ambientais e outros, com total acompanhamento em depoimentos nas delegacias e na justi\u00e7a, sempre atuando na defesa dos interesses de pessoas f\u00edsicas ou jur\u00eddicas envolvidas em qualquer il\u00edcito previsto na legisla\u00e7\u00e3o penal. Defesa escrita e oral junto ao Tribunal do J\u00fari. Prestamos assist\u00eancia tamb\u00e9m \u00e0s [&hellip;]\" \/>\n<meta property=\"og:url\" content=\"https:\/\/www.wrebello.adv.br\/index.php\/nossos-servicos\/\" \/>\n<meta property=\"og:site_name\" content=\"WRF Advogados\" \/>\n<meta property=\"article:modified_time\" content=\"2024-07-08T22:43:54+00:00\" \/>\n<meta name=\"twitter:card\" content=\"summary_large_image\" \/>\n<meta name=\"twitter:label1\" content=\"Est. tempo de leitura\" \/>\n\t<meta name=\"twitter:data1\" content=\"3 minutos\" \/>\n<script type=\"application\/ld+json\" class=\"yoast-schema-graph\">{\"@context\":\"https:\\\/\\\/schema.org\",\"@graph\":[{\"@type\":\"WebPage\",\"@id\":\"https:\\\/\\\/www.wrebello.adv.br\\\/index.php\\\/nossos-servicos\\\/\",\"url\":\"https:\\\/\\\/www.wrebello.adv.br\\\/index.php\\\/nossos-servicos\\\/\",\"name\":\"Nossos Servi\u00e7os - WRF Advogados\",\"isPartOf\":{\"@id\":\"https:\\\/\\\/www.wrebello.adv.br\\\/#website\"},\"datePublished\":\"2023-09-08T23:21:44+00:00\",\"dateModified\":\"2024-07-08T22:43:54+00:00\",\"breadcrumb\":{\"@id\":\"https:\\\/\\\/www.wrebello.adv.br\\\/index.php\\\/nossos-servicos\\\/#breadcrumb\"},\"inLanguage\":\"pt-BR\",\"potentialAction\":[{\"@type\":\"ReadAction\",\"target\":[\"https:\\\/\\\/www.wrebello.adv.br\\\/index.php\\\/nossos-servicos\\\/\"]}]},{\"@type\":\"BreadcrumbList\",\"@id\":\"https:\\\/\\\/www.wrebello.adv.br\\\/index.php\\\/nossos-servicos\\\/#breadcrumb\",\"itemListElement\":[{\"@type\":\"ListItem\",\"position\":1,\"name\":\"In\u00edcio\",\"item\":\"https:\\\/\\\/www.wrebello.adv.br\\\/\"},{\"@type\":\"ListItem\",\"position\":2,\"name\":\"Nossos Servi\u00e7os\"}]},{\"@type\":\"WebSite\",\"@id\":\"https:\\\/\\\/www.wrebello.adv.br\\\/#website\",\"url\":\"https:\\\/\\\/www.wrebello.adv.br\\\/\",\"name\":\"WRF Advogados\",\"description\":\"O Escrit\u00f3rio Wanderley Rebello Filho &amp; Advogados tem experi\u00eancia tanto na \u00e1rea contenciosa, quanto na consultiva.\",\"publisher\":{\"@id\":\"https:\\\/\\\/www.wrebello.adv.br\\\/#organization\"},\"potentialAction\":[{\"@type\":\"SearchAction\",\"target\":{\"@type\":\"EntryPoint\",\"urlTemplate\":\"https:\\\/\\\/www.wrebello.adv.br\\\/?s={search_term_string}\"},\"query-input\":{\"@type\":\"PropertyValueSpecification\",\"valueRequired\":true,\"valueName\":\"search_term_string\"}}],\"inLanguage\":\"pt-BR\"},{\"@type\":\"Organization\",\"@id\":\"https:\\\/\\\/www.wrebello.adv.br\\\/#organization\",\"name\":\"WRF Advogados\",\"url\":\"https:\\\/\\\/www.wrebello.adv.br\\\/\",\"logo\":{\"@type\":\"ImageObject\",\"inLanguage\":\"pt-BR\",\"@id\":\"https:\\\/\\\/www.wrebello.adv.br\\\/#\\\/schema\\\/logo\\\/image\\\/\",\"url\":\"https:\\\/\\\/i0.wp.com\\\/www.wrebello.adv.br\\\/wp-content\\\/uploads\\\/2023\\\/08\\\/Logo-WRF.png?fit=971%2C285&ssl=1\",\"contentUrl\":\"https:\\\/\\\/i0.wp.com\\\/www.wrebello.adv.br\\\/wp-content\\\/uploads\\\/2023\\\/08\\\/Logo-WRF.png?fit=971%2C285&ssl=1\",\"width\":971,\"height\":285,\"caption\":\"WRF Advogados\"},\"image\":{\"@id\":\"https:\\\/\\\/www.wrebello.adv.br\\\/#\\\/schema\\\/logo\\\/image\\\/\"}}]}<\/script>\n<!-- \/ Yoast SEO plugin. -->","yoast_head_json":{"title":"Nossos Servi\u00e7os - WRF Advogados","robots":{"index":"index","follow":"follow","max-snippet":"max-snippet:-1","max-image-preview":"max-image-preview:large","max-video-preview":"max-video-preview:-1"},"canonical":"https:\/\/www.wrebello.adv.br\/index.php\/nossos-servicos\/","og_locale":"pt_BR","og_type":"article","og_title":"Nossos Servi\u00e7os - WRF Advogados","og_description":"CRIMINAL Consultoria geral em direito penal, defesas em\u00a0crimes comuns, econ\u00f4micos, ambientais e outros, com total acompanhamento em depoimentos nas delegacias e na justi\u00e7a, sempre atuando na defesa dos interesses de pessoas f\u00edsicas ou jur\u00eddicas envolvidas em qualquer il\u00edcito previsto na legisla\u00e7\u00e3o penal. Defesa escrita e oral junto ao Tribunal do J\u00fari. Prestamos assist\u00eancia tamb\u00e9m \u00e0s [&hellip;]","og_url":"https:\/\/www.wrebello.adv.br\/index.php\/nossos-servicos\/","og_site_name":"WRF Advogados","article_modified_time":"2024-07-08T22:43:54+00:00","twitter_card":"summary_large_image","twitter_misc":{"Est. tempo de leitura":"3 minutos"},"schema":{"@context":"https:\/\/schema.org","@graph":[{"@type":"WebPage","@id":"https:\/\/www.wrebello.adv.br\/index.php\/nossos-servicos\/","url":"https:\/\/www.wrebello.adv.br\/index.php\/nossos-servicos\/","name":"Nossos Servi\u00e7os - WRF Advogados","isPartOf":{"@id":"https:\/\/www.wrebello.adv.br\/#website"},"datePublished":"2023-09-08T23:21:44+00:00","dateModified":"2024-07-08T22:43:54+00:00","breadcrumb":{"@id":"https:\/\/www.wrebello.adv.br\/index.php\/nossos-servicos\/#breadcrumb"},"inLanguage":"pt-BR","potentialAction":[{"@type":"ReadAction","target":["https:\/\/www.wrebello.adv.br\/index.php\/nossos-servicos\/"]}]},{"@type":"BreadcrumbList","@id":"https:\/\/www.wrebello.adv.br\/index.php\/nossos-servicos\/#breadcrumb","itemListElement":[{"@type":"ListItem","position":1,"name":"In\u00edcio","item":"https:\/\/www.wrebello.adv.br\/"},{"@type":"ListItem","position":2,"name":"Nossos Servi\u00e7os"}]},{"@type":"WebSite","@id":"https:\/\/www.wrebello.adv.br\/#website","url":"https:\/\/www.wrebello.adv.br\/","name":"WRF Advogados","description":"O Escrit\u00f3rio Wanderley Rebello Filho &amp; Advogados tem experi\u00eancia tanto na \u00e1rea contenciosa, quanto na consultiva.","publisher":{"@id":"https:\/\/www.wrebello.adv.br\/#organization"},"potentialAction":[{"@type":"SearchAction","target":{"@type":"EntryPoint","urlTemplate":"https:\/\/www.wrebello.adv.br\/?s={search_term_string}"},"query-input":{"@type":"PropertyValueSpecification","valueRequired":true,"valueName":"search_term_string"}}],"inLanguage":"pt-BR"},{"@type":"Organization","@id":"https:\/\/www.wrebello.adv.br\/#organization","name":"WRF Advogados","url":"https:\/\/www.wrebello.adv.br\/","logo":{"@type":"ImageObject","inLanguage":"pt-BR","@id":"https:\/\/www.wrebello.adv.br\/#\/schema\/logo\/image\/","url":"https:\/\/i0.wp.com\/www.wrebello.adv.br\/wp-content\/uploads\/2023\/08\/Logo-WRF.png?fit=971%2C285&ssl=1","contentUrl":"https:\/\/i0.wp.com\/www.wrebello.adv.br\/wp-content\/uploads\/2023\/08\/Logo-WRF.png?fit=971%2C285&ssl=1","width":971,"height":285,"caption":"WRF Advogados"},"image":{"@id":"https:\/\/www.wrebello.adv.br\/#\/schema\/logo\/image\/"}}]}},"jetpack-related-posts":[],"jetpack_sharing_enabled":true,"_links":{"self":[{"href":"https:\/\/www.wrebello.adv.br\/index.php\/wp-json\/wp\/v2\/pages\/106","targetHints":{"allow":["GET"]}}],"collection":[{"href":"https:\/\/www.wrebello.adv.br\/index.php\/wp-json\/wp\/v2\/pages"}],"about":[{"href":"https:\/\/www.wrebello.adv.br\/index.php\/wp-json\/wp\/v2\/types\/page"}],"author":[{"embeddable":true,"href":"https:\/\/www.wrebello.adv.br\/index.php\/wp-json\/wp\/v2\/users\/1"}],"replies":[{"embeddable":true,"href":"https:\/\/www.wrebello.adv.br\/index.php\/wp-json\/wp\/v2\/comments?post=106"}],"version-history":[{"count":11,"href":"https:\/\/www.wrebello.adv.br\/index.php\/wp-json\/wp\/v2\/pages\/106\/revisions"}],"predecessor-version":[{"id":400,"href":"https:\/\/www.wrebello.adv.br\/index.php\/wp-json\/wp\/v2\/pages\/106\/revisions\/400"}],"wp:attachment":[{"href":"https:\/\/www.wrebello.adv.br\/index.php\/wp-json\/wp\/v2\/media?parent=106"}],"curies":[{"name":"wp","href":"https:\/\/api.w.org\/{rel}","templated":true}]}}